{"id":8,"date":"2013-11-19T09:36:23","date_gmt":"2013-11-19T07:36:23","guid":{"rendered":"http:\/\/www.imboden-el-mech.ch\/newsite\/?page_id=8"},"modified":"2023-01-20T16:44:39","modified_gmt":"2023-01-20T15:44:39","slug":"willkommen","status":"publish","type":"page","link":"https:\/\/www.imboden-el-mech.ch\/","title":{"rendered":""},"content":{"rendered":"\n<div class=\"wp-block-media-text alignwide is-stacked-on-mobile\" style=\"grid-template-columns:27% auto\"><figure class=\"wp-block-media-text__media\"><img loading=\"lazy\" decoding=\"async\" width=\"300\" height=\"200\" src=\"https:\/\/www.imboden-el-mech.ch\/wp-content\/uploads\/2023\/01\/logofirma.png\" alt=\"\" class=\"wp-image-611 size-full\"\/><\/figure><div class=\"wp-block-media-text__content\">\n<p>Das Familienunternehmen wurde im Jahre 1995 gegr\u00fcndet und hat sich auf Herstellung, Verkauf und Reparatur von elektrischen und mechanischen Maschinen spezialisiert. Durch den Mitarbeiterzuwachs stellt die Firma in der Zwischenzeit auch Steuerungen f\u00fcr kleine und gr\u00f6ssere Anlagen her und produziert mit firmeneigenen Maschinen diverse Teile auf Kundenwunsch. Durch unser Modell &#8222;Mechanik und Steuerungstechnik aus einer Hand&#8220; erschliessen wir f\u00fcr unsere Kunden die Schnittstelle zwischen Mechanik und Steuerung. Gerne geben wir Ihnen auf unserem Webauftritt einen kleinen Einblick in unsere T\u00e4tigkeiten und unser Portfolio.<\/p>\n<\/div><\/div>\n\n\n\n<hr class=\"wp-block-separator has-alpha-channel-opacity\"\/>\n\n\n<ul class=\"wp-block-latest-posts__list has-dates wp-block-latest-posts\"><li><div class=\"wp-block-latest-posts__featured-image alignleft\"><img loading=\"lazy\" decoding=\"async\" width=\"150\" height=\"150\" src=\"https:\/\/www.imboden-el-mech.ch\/wp-content\/uploads\/2024\/02\/IMG_9090-150x150.jpeg\" class=\"attachment-thumbnail size-thumbnail wp-post-image\" alt=\"\" style=\"\" \/><\/div><a class=\"wp-block-latest-posts__post-title\" href=\"https:\/\/www.imboden-el-mech.ch\/?p=689\">Ladestation f\u00fcr Elektrofahrzeuge<\/a><time datetime=\"2024-02-09T09:14:47+01:00\" class=\"wp-block-latest-posts__post-date\">9. Februar 2024<\/time><div class=\"wp-block-latest-posts__post-excerpt\">An unserem zweiten Standort steht ab sofort eine Ladestation f\u00fcr das Aufladen von Elektrofahrzeugen zur Verf\u00fcgung. Die Ladeleistung betr\u00e4gt 22 kW, bei Belegung beider Ladepl\u00e4tze 11 kW. Die Station kann von allen Nutzern ben\u00fctzt werden, da Ad-Hoc-Laden per Kreditkarte durch &hellip; <a href=\"https:\/\/www.imboden-el-mech.ch\/?p=689\" class=\"more-link\"><span class=\"screen-reader-text\">Ladestation f\u00fcr Elektrofahrzeuge<\/span> weiterlesen <span class=\"meta-nav\">&rarr;<\/span><\/a><\/div><\/li>\n<li><div class=\"wp-block-latest-posts__featured-image alignleft\"><img loading=\"lazy\" decoding=\"async\" width=\"150\" height=\"150\" src=\"https:\/\/www.imboden-el-mech.ch\/wp-content\/uploads\/2023\/03\/hubsenktor-150x150.jpg\" class=\"attachment-thumbnail size-thumbnail wp-post-image\" alt=\"\" style=\"\" \/><\/div><a class=\"wp-block-latest-posts__post-title\" href=\"https:\/\/www.imboden-el-mech.ch\/?p=679\">Hubtore Seilbahn Klein Matterhorn<\/a><time datetime=\"2023-03-09T08:44:48+01:00\" class=\"wp-block-latest-posts__post-date\">9. M\u00e4rz 2023<\/time><div class=\"wp-block-latest-posts__post-excerpt\">F\u00fcr unseren Partner Stahleinbau GmbH erstellen wir eine Steuerung f\u00fcr die Bet\u00e4tigung der Hubtore in der Bergstation Klein Matterhorn. Nach Ausserbetriebnahme der Bahn werden die Tore der Ein- und Ausfahrt hochgefahren, um das Innere der Bergstation vor Witterungseinfl\u00fcssen zu sch\u00fctzen. &hellip; <a href=\"https:\/\/www.imboden-el-mech.ch\/?p=679\" class=\"more-link\"><span class=\"screen-reader-text\">Hubtore Seilbahn Klein Matterhorn<\/span> weiterlesen <span class=\"meta-nav\">&rarr;<\/span><\/a><\/div><\/li>\n<li><div class=\"wp-block-latest-posts__featured-image alignleft\"><img loading=\"lazy\" decoding=\"async\" width=\"150\" height=\"150\" src=\"https:\/\/www.imboden-el-mech.ch\/wp-content\/uploads\/2023\/01\/zeneistenbeleuchtung-150x150.jpg\" class=\"attachment-thumbnail size-thumbnail wp-post-image\" alt=\"\" style=\"\" \/><\/div><a class=\"wp-block-latest-posts__post-title\" href=\"https:\/\/www.imboden-el-mech.ch\/?p=613\">Neue Strassenbeleuchtung f\u00fcr Eisten<\/a><time datetime=\"2023-01-13T10:30:19+01:00\" class=\"wp-block-latest-posts__post-date\">13. Januar 2023<\/time><div class=\"wp-block-latest-posts__post-excerpt\">Viele Gemeinden setzen aus energietechnischen Gr\u00fcnden auf LED-Strassenbeleuchtung, so auch die Gemeinde Eisten. Zur Ausleuchtung der Kantonsstrasse im Innerorts-Bereich wurden LED-Laternen in warmweisser Ausf\u00fchrung aufgestellt. Diese strahlen auf die Fahrbahn und stellen das Licht dort zur Verf\u00fcgung wo es ben\u00f6tigt &hellip; <a href=\"https:\/\/www.imboden-el-mech.ch\/?p=613\" class=\"more-link\"><span class=\"screen-reader-text\">Neue Strassenbeleuchtung f\u00fcr Eisten<\/span> weiterlesen <span class=\"meta-nav\">&rarr;<\/span><\/a><\/div><\/li>\n<li><div class=\"wp-block-latest-posts__featured-image alignleft\"><img loading=\"lazy\" decoding=\"async\" width=\"150\" height=\"150\" src=\"https:\/\/www.imboden-el-mech.ch\/wp-content\/uploads\/2022\/11\/WallboxTesla-150x150.jpg\" class=\"attachment-thumbnail size-thumbnail wp-post-image\" alt=\"\" style=\"\" \/><\/div><a class=\"wp-block-latest-posts__post-title\" href=\"https:\/\/www.imboden-el-mech.ch\/?p=563\">Ladestation f\u00fcr Mitarbeiter<\/a><time datetime=\"2022-11-14T15:11:00+01:00\" class=\"wp-block-latest-posts__post-date\">14. November 2022<\/time><div class=\"wp-block-latest-posts__post-excerpt\">Aufgrund Elektrifizierung der Firmenfahrzeuge errichtet die Firma ihre eigene Ladestation. Die Energie f\u00fcr die Fahrzeuge wird gr\u00f6sstenteils mittels Photovoltaik-Anlage auf dem eigenen Dach produziert. Die Firma stellt die Ladestation zus\u00e4tzlich ihren Mitarbeitern zur Verf\u00fcgung. Somit l\u00e4sst sich das Privatfahrzeug w\u00e4hrend &hellip; <a href=\"https:\/\/www.imboden-el-mech.ch\/?p=563\" class=\"more-link\"><span class=\"screen-reader-text\">Ladestation f\u00fcr Mitarbeiter<\/span> weiterlesen <span class=\"meta-nav\">&rarr;<\/span><\/a><\/div><\/li>\n<li><div class=\"wp-block-latest-posts__featured-image alignleft\"><img loading=\"lazy\" decoding=\"async\" width=\"150\" height=\"150\" src=\"https:\/\/www.imboden-el-mech.ch\/wp-content\/uploads\/2022\/11\/TeslaY-150x150.jpeg\" class=\"attachment-thumbnail size-thumbnail wp-post-image\" alt=\"\" style=\"\" \/><\/div><a class=\"wp-block-latest-posts__post-title\" href=\"https:\/\/www.imboden-el-mech.ch\/?p=543\">Elektrifizierung der Fahrzeugflotte<\/a><time datetime=\"2022-11-09T16:59:54+01:00\" class=\"wp-block-latest-posts__post-date\">9. November 2022<\/time><div class=\"wp-block-latest-posts__post-excerpt\">Eines unser Firmenfahrzeuge ist in die Jahre gekommen und musste ersetzt werden. Durch den Erwerb eines Tesla Model X setzte unsere Firma Ende 2019 den Spatenstich f\u00fcr die Elektromobilit\u00e4t. Unser Pr\u00e4sident und Aussendienstmitarbeiter eignete sich ein grosses Wissen in der &hellip; <a href=\"https:\/\/www.imboden-el-mech.ch\/?p=543\" class=\"more-link\"><span class=\"screen-reader-text\">Elektrifizierung der Fahrzeugflotte<\/span> weiterlesen <span class=\"meta-nav\">&rarr;<\/span><\/a><\/div><\/li>\n<\/ul>\n\n\n<div style=\"height:100px\" aria-hidden=\"true\" class=\"wp-block-spacer\"><\/div>\n\n\n<nav class=\"is-responsive  is-vertical wp-block-navigation is-layout-flex wp-container-core-navigation-is-layout-8cf370e7 wp-block-navigation-is-layout-flex\" \n\t\t data-wp-interactive=\"core\/navigation\" data-wp-context='{\"overlayOpenedBy\":{\"click\":false,\"hover\":false,\"focus\":false},\"type\":\"overlay\",\"roleAttribute\":\"\",\"ariaLabel\":\"Men\\u00fc\"}'><button aria-haspopup=\"dialog\" aria-label=\"Men\u00fc \u00f6ffnen\" class=\"wp-block-navigation__responsive-container-open\" \n\t\t\t\tdata-wp-on-async--click=\"actions.openMenuOnClick\"\n\t\t\t\tdata-wp-on--keydown=\"actions.handleMenuKeydown\"\n\t\t\t><svg width=\"24\" height=\"24\" xmlns=\"http:\/\/www.w3.org\/2000\/svg\" viewBox=\"0 0 24 24\" aria-hidden=\"true\" focusable=\"false\"><rect x=\"4\" y=\"7.5\" width=\"16\" height=\"1.5\" \/><rect x=\"4\" y=\"15\" width=\"16\" height=\"1.5\" \/><\/svg><\/button>\n\t\t\t\t<div class=\"wp-block-navigation__responsive-container\"  id=\"modal-1\" \n\t\t\t\tdata-wp-class--has-modal-open=\"state.isMenuOpen\"\n\t\t\t\tdata-wp-class--is-menu-open=\"state.isMenuOpen\"\n\t\t\t\tdata-wp-watch=\"callbacks.initMenu\"\n\t\t\t\tdata-wp-on--keydown=\"actions.handleMenuKeydown\"\n\t\t\t\tdata-wp-on-async--focusout=\"actions.handleMenuFocusout\"\n\t\t\t\ttabindex=\"-1\"\n\t\t\t>\n\t\t\t\t\t<div class=\"wp-block-navigation__responsive-close\" tabindex=\"-1\">\n\t\t\t\t\t\t<div class=\"wp-block-navigation__responsive-dialog\" \n\t\t\t\tdata-wp-bind--aria-modal=\"state.ariaModal\"\n\t\t\t\tdata-wp-bind--aria-label=\"state.ariaLabel\"\n\t\t\t\tdata-wp-bind--role=\"state.roleAttribute\"\n\t\t\t>\n\t\t\t\t\t\t\t<button aria-label=\"Men\u00fc schlie\u00dfen\" class=\"wp-block-navigation__responsive-container-close\" \n\t\t\t\tdata-wp-on-async--click=\"actions.closeMenuOnClick\"\n\t\t\t><svg xmlns=\"http:\/\/www.w3.org\/2000\/svg\" viewBox=\"0 0 24 24\" width=\"24\" height=\"24\" aria-hidden=\"true\" focusable=\"false\"><path d=\"m13.06 12 6.47-6.47-1.06-1.06L12 10.94 5.53 4.47 4.47 5.53 10.94 12l-6.47 6.47 1.06 1.06L12 13.06l6.47 6.47 1.06-1.06L13.06 12Z\"><\/path><\/svg><\/button>\n\t\t\t\t\t\t\t<div class=\"wp-block-navigation__responsive-container-content\" \n\t\t\t\tdata-wp-watch=\"callbacks.focusFirstElement\"\n\t\t\t id=\"modal-1-content\">\n\t\t\t\t\t\t\t\t<ul class=\"wp-block-navigation__container is-responsive  is-vertical wp-block-navigation\"><ul class=\"wp-block-page-list\"><li class=\"wp-block-pages-list__item wp-block-navigation-item open-on-hover-click\"><a class=\"wp-block-pages-list__item__link wp-block-navigation-item__content\" href=\"https:\/\/www.imboden-el-mech.ch\/?page_id=553\">Beitr\u00e4ge<\/a><\/li><li class=\"wp-block-pages-list__item wp-block-navigation-item open-on-hover-click menu-item-home\"><a class=\"wp-block-pages-list__item__link wp-block-navigation-item__content\" href=\"https:\/\/www.imboden-el-mech.ch\/\">(kein Titel)<\/a><\/li><li class=\"wp-block-pages-list__item wp-block-navigation-item open-on-hover-click\"><a class=\"wp-block-pages-list__item__link wp-block-navigation-item__content\" href=\"https:\/\/www.imboden-el-mech.ch\/?page_id=177\">\u00dcber uns<\/a><\/li><li data-wp-context=\"{ &quot;submenuOpenedBy&quot;: { &quot;click&quot;: false, &quot;hover&quot;: false, &quot;focus&quot;: false }, &quot;type&quot;: &quot;submenu&quot;, &quot;modal&quot;: null }\" data-wp-interactive=\"core\/navigation\" data-wp-on--focusout=\"actions.handleMenuFocusout\" data-wp-on--keydown=\"actions.handleMenuKeydown\" data-wp-on-async--mouseenter=\"actions.openMenuOnHover\" data-wp-on-async--mouseleave=\"actions.closeMenuOnHover\" data-wp-watch=\"callbacks.initMenu\" tabindex=\"-1\" class=\"wp-block-pages-list__item has-child wp-block-navigation-item open-on-hover-click\"><a class=\"wp-block-pages-list__item__link wp-block-navigation-item__content\" href=\"https:\/\/www.imboden-el-mech.ch\/?page_id=10\">Angebot<\/a><button data-wp-bind--aria-expanded=\"state.isMenuOpen\" data-wp-on-async--click=\"actions.toggleMenuOnClick\" aria-label=\"Untermen\u00fc von Angebot\" class=\"wp-block-navigation__submenu-icon wp-block-navigation-submenu__toggle\" ><svg xmlns=\"http:\/\/www.w3.org\/2000\/svg\" width=\"12\" height=\"12\" viewBox=\"0 0 12 12\" fill=\"none\" aria-hidden=\"true\" focusable=\"false\"><path d=\"M1.50002 4L6.00002 8L10.5 4\" stroke-width=\"1.5\"><\/path><\/svg><\/button><ul data-wp-on-async--focus=\"actions.openMenuOnFocus\" class=\"wp-block-navigation__submenu-container\"><li class=\"wp-block-pages-list__item wp-block-navigation-item open-on-hover-click \"><a class=\"wp-block-pages-list__item__link wp-block-navigation-item__content\" href=\"https:\/\/www.imboden-el-mech.ch\/?page_id=33\">Automatisierung<\/a><\/li><li class=\"wp-block-pages-list__item wp-block-navigation-item open-on-hover-click \"><a class=\"wp-block-pages-list__item__link wp-block-navigation-item__content\" href=\"https:\/\/www.imboden-el-mech.ch\/?page_id=217\">Teileanfertigung<\/a><\/li><li class=\"wp-block-pages-list__item wp-block-navigation-item open-on-hover-click \"><a class=\"wp-block-pages-list__item__link wp-block-navigation-item__content\" href=\"https:\/\/www.imboden-el-mech.ch\/?page_id=99\">Funkgesteuerte Applikationen<\/a><\/li><li class=\"wp-block-pages-list__item wp-block-navigation-item open-on-hover-click \"><a class=\"wp-block-pages-list__item__link wp-block-navigation-item__content\" href=\"https:\/\/www.imboden-el-mech.ch\/?page_id=106\">Lichtsignalanlagen<\/a><\/li><li class=\"wp-block-pages-list__item wp-block-navigation-item open-on-hover-click \"><a class=\"wp-block-pages-list__item__link wp-block-navigation-item__content\" href=\"https:\/\/www.imboden-el-mech.ch\/?page_id=112\">Drucklufttechnik<\/a><\/li><li class=\"wp-block-pages-list__item wp-block-navigation-item open-on-hover-click \"><a class=\"wp-block-pages-list__item__link wp-block-navigation-item__content\" href=\"https:\/\/www.imboden-el-mech.ch\/?page_id=119\">Hydraulik- und Pneumatikapplikationen<\/a><\/li><li class=\"wp-block-pages-list__item wp-block-navigation-item open-on-hover-click \"><a class=\"wp-block-pages-list__item__link wp-block-navigation-item__content\" href=\"https:\/\/www.imboden-el-mech.ch\/?page_id=259\">Pumpanlagen<\/a><\/li><li class=\"wp-block-pages-list__item wp-block-navigation-item open-on-hover-click \"><a class=\"wp-block-pages-list__item__link wp-block-navigation-item__content\" href=\"https:\/\/www.imboden-el-mech.ch\/?page_id=261\">Alternative Energie<\/a><\/li><\/ul><\/li><li class=\"wp-block-pages-list__item wp-block-navigation-item open-on-hover-click\"><a class=\"wp-block-pages-list__item__link wp-block-navigation-item__content\" href=\"https:\/\/www.imboden-el-mech.ch\/?page_id=129\">Reparatur<\/a><\/li><li class=\"wp-block-pages-list__item wp-block-navigation-item open-on-hover-click\"><a class=\"wp-block-pages-list__item__link wp-block-navigation-item__content\" href=\"https:\/\/www.imboden-el-mech.ch\/?page_id=219\">Unterhalt<\/a><\/li><li class=\"wp-block-pages-list__item wp-block-navigation-item open-on-hover-click\"><a class=\"wp-block-pages-list__item__link wp-block-navigation-item__content\" href=\"https:\/\/www.imboden-el-mech.ch\/?page_id=263\">Verkauf<\/a><\/li><li class=\"wp-block-pages-list__item wp-block-navigation-item open-on-hover-click\"><a class=\"wp-block-pages-list__item__link wp-block-navigation-item__content\" href=\"https:\/\/www.imboden-el-mech.ch\/?page_id=147\">Vermietung<\/a><\/li><li class=\"wp-block-pages-list__item wp-block-navigation-item open-on-hover-click\"><a class=\"wp-block-pages-list__item__link wp-block-navigation-item__content\" href=\"https:\/\/www.imboden-el-mech.ch\/?page_id=305\">Partner<\/a><\/li><li class=\"wp-block-pages-list__item wp-block-navigation-item open-on-hover-click\"><a class=\"wp-block-pages-list__item__link wp-block-navigation-item__content\" href=\"https:\/\/www.imboden-el-mech.ch\/?page_id=137\">Kontakt<\/a><\/li><\/ul><\/ul>\n\t\t\t\t\t\t\t<\/div>\n\t\t\t\t\t\t<\/div>\n\t\t\t\t\t<\/div>\n\t\t\t\t<\/div><\/nav>","protected":false},"excerpt":{"rendered":"<p>Das Familienunternehmen wurde im Jahre 1995 gegr\u00fcndet und hat sich auf Herstellung, Verkauf und Reparatur von elektrischen und mechanischen Maschinen spezialisiert. Durch den Mitarbeiterzuwachs stellt die Firma in der Zwischenzeit auch Steuerungen f\u00fcr kleine und gr\u00f6ssere Anlagen her und produziert mit firmeneigenen Maschinen diverse Teile auf Kundenwunsch. Durch unser Modell &#8222;Mechanik und Steuerungstechnik aus einer &hellip; <a href=\"https:\/\/www.imboden-el-mech.ch\/\" class=\"more-link\"><span class=\"screen-reader-text\"><\/span> weiterlesen <span class=\"meta-nav\">&rarr;<\/span><\/a><\/p>\n","protected":false},"author":2,"featured_media":0,"parent":0,"menu_order":1,"comment_status":"closed","ping_status":"closed","template":"","meta":{"footnotes":""},"class_list":["post-8","page","type-page","status-publish","hentry"],"_links":{"self":[{"href":"https:\/\/www.imboden-el-mech.ch\/index.php?rest_route=\/wp\/v2\/pages\/8","targetHints":{"allow":["GET"]}}],"collection":[{"href":"https:\/\/www.imboden-el-mech.ch\/index.php?rest_route=\/wp\/v2\/pages"}],"about":[{"href":"https:\/\/www.imboden-el-mech.ch\/index.php?rest_route=\/wp\/v2\/types\/page"}],"author":[{"embeddable":true,"href":"https:\/\/www.imboden-el-mech.ch\/index.php?rest_route=\/wp\/v2\/users\/2"}],"replies":[{"embeddable":true,"href":"https:\/\/www.imboden-el-mech.ch\/index.php?rest_route=%2Fwp%2Fv2%2Fcomments&post=8"}],"version-history":[{"count":19,"href":"https:\/\/www.imboden-el-mech.ch\/index.php?rest_route=\/wp\/v2\/pages\/8\/revisions"}],"predecessor-version":[{"id":672,"href":"https:\/\/www.imboden-el-mech.ch\/index.php?rest_route=\/wp\/v2\/pages\/8\/revisions\/672"}],"wp:attachment":[{"href":"https:\/\/www.imboden-el-mech.ch\/index.php?rest_route=%2Fwp%2Fv2%2Fmedia&parent=8"}],"curies":[{"name":"wp","href":"https:\/\/api.w.org\/{rel}","templated":true}]}}